{"id":12042,"date":"2024-06-06T16:15:32","date_gmt":"2024-06-06T19:15:32","guid":{"rendered":"https:\/\/crab.rj.sebrae.com.br\/?post_type=programacao&#038;p=12042"},"modified":"2024-06-07T10:20:20","modified_gmt":"2024-06-07T13:20:20","slug":"38-salao-do-artesanato-paraibano","status":"publish","type":"programacao","link":"https:\/\/homologacaosites.rj.sebrae.com.br\/crab\/programacao\/38-salao-do-artesanato-paraibano\/","title":{"rendered":"38\u00b0 Sal\u00e3o do Artesanato Paraibano"},"content":{"rendered":"<h2><strong>Descubra a riqueza da arte paraibana no maior evento do g\u00eanero no estado!<\/strong><\/h2>\n<p>O <strong>38\u00ba Sal\u00e3o do Artesanato Paraibano<\/strong> convida voc\u00ea a mergulhar em um universo de cores, texturas e saberes tradicionais. Com o tema &#8220;A Arte de Quem Vive da F\u00e9&#8221;, o evento ser\u00e1 realizado pelo Governo da Para\u00edba e Sebrae-PB at\u00e9 o dia 30 deste m\u00eas, durante as festividades juninas e de uma festa que atrai turistas do Brasil e do mundo para a Rainha da Borborema: o Maior S\u00e3o Jo\u00e3o do Mundo.<\/p>\n<p>Expectativa e f\u00e9 \u2014 Ao todo, ser\u00e3o 10 artes\u00e3os santeiros que v\u00e3o ser homenageados durante a 38\u00aa edi\u00e7\u00e3o do Sal\u00e3o do Artesanato Paraibano da Rainha da Borborema, a maior parte do munic\u00edpio de Lagoa Seca, Agreste paraibano e ber\u00e7o da arte santeira na Para\u00edba. S\u00e3o eles: Maria de Lourdes Diniz (Lagoa Seca), Francisco Diniz (Lagoa Seca), Rog\u00e9rio da Silva (Lagoa Seca), Tatiana Nascimento (Lagoa Seca), Ricardo da Silva (Lagoa Seca), Igor do Nascimento (Lagoa Seca), Jonas Nogueira (Bayeux), Bento Medeiros (Sum\u00e9), Leila Machado (Cabedelo) e Maria das Neves Cavalcanti (Jo\u00e3o Pessoa).<\/p>\n<p><strong>Uma oportunidade imperd\u00edvel para:<\/strong><\/p>\n<ul>\n<li><strong>Apreciar e adquirir pe\u00e7as \u00fanicas e aut\u00eanticas:<\/strong> Do barro \u00e0 renda, da madeira \u00e0 palha, voc\u00ea encontrar\u00e1 uma variedade incr\u00edvel de produtos artesanais, desde pe\u00e7as decorativas e utilit\u00e1rias at\u00e9 roupas, acess\u00f3rios e muito mais.<\/li>\n<li><strong>Conhecer a hist\u00f3ria e a cultura do povo paraibano:<\/strong> Cada pe\u00e7a \u00e9 uma express\u00e3o da identidade cultural do nosso estado, contando hist\u00f3rias e tradi\u00e7\u00f5es que passam de gera\u00e7\u00e3o em gera\u00e7\u00e3o.<\/li>\n<li><strong>Incentivar o trabalho dos artes\u00e3os:<\/strong> Ao comprar no Sal\u00e3o, voc\u00ea estar\u00e1 contribuindo diretamente para o sustento das fam\u00edlias que vivem da arte e da cultura popular.<\/li>\n<\/ul>\n<p><strong>Al\u00e9m da exposi\u00e7\u00e3o de venda, a programa\u00e7\u00e3o do Sal\u00e3o inclui:<\/strong><\/p>\n<ul>\n<li><strong>Oficinas gratuitas:<\/strong> Aprenda t\u00e9cnicas artesanais com os pr\u00f3prios mestres e leve para casa uma lembran\u00e7a especial.<\/li>\n<li><strong>Shows e apresenta\u00e7\u00f5es culturais:<\/strong> Desfrute da rica m\u00fasica e dan\u00e7a paraibanas durante todo o evento.<\/li>\n<li><strong>Espa\u00e7o gastron\u00f4mico:<\/strong> Saboreie a culin\u00e1ria t\u00edpica do estado em um ambiente aconchegante.<\/li>\n<\/ul>\n<p><strong>N\u00e3o perca essa oportunidade \u00fanica de celebrar a cultura e a criatividade da Para\u00edba!<\/strong><\/p>\n<ul>\n<li><strong>Site:<\/strong> <a href=\"https:\/\/pap.pb.gov.br\/\" target=\"_blank\" rel=\"noopener\">https:\/\/pap.pb.gov.br\/<\/a><\/li>\n<li><strong>Facebook:<\/strong> <a href=\"https:\/\/www.facebook.com\/opapnaopara\/\" target=\"_blank\" rel=\"noopener\">https:\/\/www.facebook.com\/opapnaopara\/<\/a><\/li>\n<li><strong>Instagram:<\/strong> <a href=\"https:\/\/www.instagram.com\/artesanatopap?igsh=cjBzeDc3ZmdkdmN5\" target=\"_blank\" rel=\"noopener\">@artesanatopap<\/a><\/li>\n<\/ul>\n","protected":false},"featured_media":12044,"template":"","opcoes-da-programacao":[],"tipos-de-eventos-jet":[77],"class_list":["post-12042","programacao","type-programacao","status-publish","has-post-thumbnail","hentry","event_region-nordeste","event_state-pb","programacao_group-evento-presencial","tipos-de-eventos-jet-feiras"],"_links":{"self":[{"href":"https:\/\/homologacaosites.rj.sebrae.com.br\/crab\/wp-json\/wp\/v2\/programacao\/12042","targetHints":{"allow":["GET"]}}],"collection":[{"href":"https:\/\/homologacaosites.rj.sebrae.com.br\/crab\/wp-json\/wp\/v2\/programacao"}],"about":[{"href":"https:\/\/homologacaosites.rj.sebrae.com.br\/crab\/wp-json\/wp\/v2\/types\/programacao"}],"wp:featuredmedia":[{"embeddable":true,"href":"https:\/\/homologacaosites.rj.sebrae.com.br\/crab\/wp-json\/wp\/v2\/media\/12044"}],"wp:attachment":[{"href":"https:\/\/homologacaosites.rj.sebrae.com.br\/crab\/wp-json\/wp\/v2\/media?parent=12042"}],"wp:term":[{"taxonomy":"opcoes-da-programacao","embeddable":true,"href":"https:\/\/homologacaosites.rj.sebrae.com.br\/crab\/wp-json\/wp\/v2\/opcoes-da-programacao?post=12042"},{"taxonomy":"tipos-de-eventos-jet","embeddable":true,"href":"https:\/\/homologacaosites.rj.sebrae.com.br\/crab\/wp-json\/wp\/v2\/tipos-de-eventos-jet?post=12042"}],"curies":[{"name":"wp","href":"https:\/\/api.w.org\/{rel}","templated":true}]}}