{"id":12093,"date":"2024-06-13T11:11:01","date_gmt":"2024-06-13T14:11:01","guid":{"rendered":"https:\/\/crab.rj.sebrae.com.br\/?post_type=programacao&#038;p=12093"},"modified":"2024-06-14T11:47:56","modified_gmt":"2024-06-14T14:47:56","slug":"piaui-sampa-2024","status":"publish","type":"programacao","link":"https:\/\/homologacaosites.rj.sebrae.com.br\/crab\/programacao\/piaui-sampa-2024\/","title":{"rendered":"Piau\u00ed Sampa 2024"},"content":{"rendered":"<h2><strong class=\"sb-integra-conteudo__ancora-title sbAccessibilityFontSize\">O Piau\u00ed em S\u00e3o Paulo<\/strong><\/h2>\n<p class=\"sbAccessibilityFontSize\">A mostra do Piau\u00ed em S\u00e3o Paulo \u00e9 uma oportunidade \u00fanica de promover as conex\u00f5es profundas entre esses estados. De encontros comerciais a interc\u00e2mbios culturais, S\u00e3o Paulo \u00e9 o epicentro onde o Piau\u00ed encontra novas oportunidades. Com\u00e9rcio,\u00a0investimentos, arte e gastronomia se entrela\u00e7am, impulsionando o crescimento econ\u00f4mico e fortalecendo la\u00e7os sociais.<\/p>\n<p class=\"sbAccessibilityFontSize\">A <a href=\"https:\/\/sebrae.com.br\/sites\/PortalSebrae\/ufs\/pi\/sebraeaz\/piaui-sampa-2024,4cb4aa069ceef810VgnVCM1000001b00320aRCRD?vgnextrefresh=1\" target=\"_blank\" rel=\"noopener\">Piau\u00ed Sampa 2024<\/a> \u00e9 uma realiza\u00e7\u00e3o do Sebrae no Piau\u00ed, tendo como correalizador o Governo do Estado do Piau\u00ed, e apoio da Prefeitura de Teresina. O evento conta ainda com a parceria da Faepi\/Senar, Fiepi e Fecom\u00e9rcio.<\/p>\n<p>&nbsp;<\/p>\n<p class=\"v1MsoNormal\"><b>Shopping Vila Ol\u00edmpia<\/b><\/p>\n<p class=\"v1MsoNormal\">de\u00a0<b>25 a 29 de junho<\/b>\u00a0de 2024<\/p>\n<p class=\"v1MsoNormal\">hor\u00e1rio do shopping \u2013 das\u00a0<b>10h \u00e0s 22h<\/b><\/p>\n<p>&nbsp;<\/p>\n<div id=\"ae43cb33c4d00910VgnVCM1000001b00320a____-1\" class=\"collisionBox sbAccessibilityFontSize\">\n<p class=\"sb-integra-conteudo__text sbAccessibilityFontSize\"><strong class=\"sb-integra-conteudo__ancora-title sbAccessibilityFontSize\">Programa\u00e7\u00e3o<\/strong><\/p>\n<\/div>\n<div id=\"ce43cb33c4d00910VgnVCM1000001b00320a____-3\" class=\"collisionBox sbAccessibilityFontSize\">\n<div class=\"sb-integra-conteudo__text sbAccessibilityFontSize\">\ud83d\udcc5 <strong class=\"sb-integra-conteudo__ancora-title sbAccessibilityFontSize\">24\/06 &#8211; Espa\u00e7o Eataly<\/strong><\/div>\n<div class=\"sb-integra-conteudo__text sbAccessibilityFontSize\">\n<p class=\"sbAccessibilityFontSize\">Avant-premi\u00e8re (Cooking Show com Imprensa)<\/p>\n<\/div>\n<\/div>\n<div id=\"be43cb33c4d00910VgnVCM1000001b00320a____-4\" class=\"collisionBox sbAccessibilityFontSize\">\n<div class=\"sb-integra-conteudo__text sbAccessibilityFontSize\">\n<p>\ud83d\udcc5 <strong class=\"sb-integra-conteudo__ancora-title sbAccessibilityFontSize\">25\/06 &#8211; Shopping<\/strong><\/p>\n<ul class=\"sbAccessibilityFontSize\">\n<li class=\"sbAccessibilityFontSize\">Sala 1\u00ba Piso\n<ul class=\"sbAccessibilityFontSize\">\n<li class=\"sbAccessibilityFontSize\">10h &#8211; Reuni\u00e3o Governo do estado.<\/li>\n<\/ul>\n<\/li>\n<li class=\"sbAccessibilityFontSize\">Terra\u00e7o\n<ul class=\"sbAccessibilityFontSize\">\n<li class=\"sbAccessibilityFontSize\">11h &#8211; Abertura Oficial do Evento com apresenta\u00e7\u00f5es culturais, seguido de coquetel.<\/li>\n<li class=\"sbAccessibilityFontSize\">11h \u00e0s 22h &#8211; Mostra Piau\u00ed Sampa, juntamente com Oficina Viva, com a participa\u00e7\u00e3o do Mestre Dico<\/li>\n<\/ul>\n<\/li>\n<\/ul>\n<\/div>\n<\/div>\n<div id=\"6e43cb33c4d00910VgnVCM1000001b00320a____-5\" class=\"collisionBox sbAccessibilityFontSize\">\n<div class=\"sb-integra-conteudo__text sbAccessibilityFontSize\">\n<p>\ud83d\udcc5 <strong class=\"sb-integra-conteudo__ancora-title sbAccessibilityFontSize\">26\/06 &#8211; Shopping<\/strong><\/p>\n<ul class=\"sbAccessibilityFontSize\">\n<li class=\"sbAccessibilityFontSize\">Terra\u00e7o\n<ul class=\"sbAccessibilityFontSize\">\n<li class=\"sbAccessibilityFontSize\">10h \u00e0s 22h &#8211; Mostra Piau\u00ed Sampa, juntamente com Oficina Viva, com a participa\u00e7\u00e3o do Mestre Dico<\/li>\n<li class=\"sbAccessibilityFontSize\">12h \u00e0s 13h &#8211; 1\u00aa Degusta\u00e7\u00e3o de gastronomia t\u00edpica.<\/li>\n<li class=\"sbAccessibilityFontSize\">17h \u00e0s 18h &#8211; 2\u00aa Degusta\u00e7\u00e3o das de gastronomia t\u00edpica e apresenta\u00e7\u00f5es culturais<\/li>\n<\/ul>\n<\/li>\n<li class=\"sbAccessibilityFontSize\">Sala 1\u00ba piso\n<ul class=\"sbAccessibilityFontSize\">\n<li class=\"sbAccessibilityFontSize\">14h \u00e0s 15h &#8211; Semin\u00e1rio com participa\u00e7\u00e3o de BRAZTOA e ABAV<\/li>\n<li class=\"sbAccessibilityFontSize\">15h \u00e0s 19h &#8211; Rodada de Neg\u00f3cios de Turismo.<\/li>\n<\/ul>\n<\/li>\n<\/ul>\n<\/div>\n<\/div>\n<div id=\"5e43cb33c4d00910VgnVCM1000001b00320a____-6\" class=\"collisionBox sbAccessibilityFontSize\">\n<div class=\"sb-integra-conteudo__text sbAccessibilityFontSize\">\n<p>\ud83d\udcc5 <strong class=\"sb-integra-conteudo__ancora-title sbAccessibilityFontSize\">27\/06 &#8211; Shopping<\/strong><\/p>\n<ul class=\"sbAccessibilityFontSize\">\n<li class=\"sbAccessibilityFontSize\">Sala 1\u00ba piso\n<ul class=\"sbAccessibilityFontSize\">\n<li class=\"sbAccessibilityFontSize\">09h \u00e0s 10h &#8211; Rodada de Neg\u00f3cios de Artesanato (online).<\/li>\n<\/ul>\n<\/li>\n<li class=\"sbAccessibilityFontSize\">Terra\u00e7o\n<ul class=\"sbAccessibilityFontSize\">\n<li class=\"sbAccessibilityFontSize\">10h \u00e0s 22h &#8211; Mostra Piau\u00ed Sampa, juntamente com Oficina Viva com a participa\u00e7\u00e3o do Mestre Dico).\u00a0\u00e0s 18h &#8211; Rodada de Neg\u00f3cios de Artesanato (presencial)<\/li>\n<\/ul>\n<\/li>\n<\/ul>\n<\/div>\n<\/div>\n<div id=\"8e43cb33c4d00910VgnVCM1000001b00320a____-7\" class=\"collisionBox sbAccessibilityFontSize\">\n<div class=\"sb-integra-conteudo__text sbAccessibilityFontSize\">\n<p>\ud83d\udcc5 <strong class=\"sb-integra-conteudo__ancora-title sbAccessibilityFontSize\">28\/06 &#8211; Shopping<\/strong><\/p>\n<ul class=\"sbAccessibilityFontSize\">\n<li class=\"sbAccessibilityFontSize\">Sala 1\u00ba piso\n<ul class=\"sbAccessibilityFontSize\">\n<li class=\"sbAccessibilityFontSize\">09h \u00e0s 11h30 &#8211; Rodada de Neg\u00f3cios de Alimentos &amp; Bebidas.<\/li>\n<li class=\"sbAccessibilityFontSize\">15h \u00e0s 17h30 &#8211; Rodada de Neg\u00f3cios de Alimentos &amp; Bebidas.<\/li>\n<\/ul>\n<\/li>\n<li class=\"sbAccessibilityFontSize\">Terra\u00e7o\n<ul class=\"sbAccessibilityFontSize\">\n<li class=\"sbAccessibilityFontSize\">10h \u00e0s 22h &#8211; Mostra Piau\u00ed Sampa, juntamente com Oficina Viva com a participa\u00e7\u00e3o do Mestre Dico<\/li>\n<li class=\"sbAccessibilityFontSize\">12h \u00e0s 13h &#8211; 1\u00aa Degusta\u00e7\u00e3o de gastronomia t\u00edpica.<\/li>\n<li class=\"sbAccessibilityFontSize\">17h \u00e0s 18h &#8211; 2\u00aa Degusta\u00e7\u00e3o de gastronomia t\u00edpica.<\/li>\n<\/ul>\n<\/li>\n<\/ul>\n<\/div>\n<\/div>\n<div id=\"7e43cb33c4d00910VgnVCM1000001b00320a____-8\" class=\"collisionBox sbAccessibilityFontSize\">\n<div class=\"sb-integra-conteudo__text sbAccessibilityFontSize\">\n<p>\ud83d\udcc5 <strong class=\"sb-integra-conteudo__ancora-title sbAccessibilityFontSize\">29\/06 &#8211; Shopping<\/strong><\/p>\n<ul class=\"sbAccessibilityFontSize\">\n<li class=\"sbAccessibilityFontSize\">Terra\u00e7o\n<ul class=\"sbAccessibilityFontSize\">\n<li class=\"sbAccessibilityFontSize\">10h \u00e0s 22h &#8211; Mostra Piau\u00ed Sampa, juntamente com Oficina Viva com a aparesenta\u00e7\u00e3o do Mestre Dico<\/li>\n<li class=\"sbAccessibilityFontSize\">12h as 13h &#8211; 1\u00aa Degusta\u00e7\u00e3o de gastronomia t\u00edpica<\/li>\n<li class=\"sbAccessibilityFontSize\">17h as 18h &#8211; 2\u00aa Degusta\u00e7\u00e3o de gastronomia t\u00edpica.<\/li>\n<li class=\"sbAccessibilityFontSize\">Encerramento geral do evento<\/li>\n<\/ul>\n<\/li>\n<\/ul>\n<\/div>\n<\/div>\n","protected":false},"featured_media":12114,"template":"","opcoes-da-programacao":[],"tipos-de-eventos-jet":[77],"class_list":["post-12093","programacao","type-programacao","status-publish","has-post-thumbnail","hentry","event_region-sudeste","event_state-sp","programacao_group-evento-presencial","tipos-de-eventos-jet-feiras"],"_links":{"self":[{"href":"https:\/\/homologacaosites.rj.sebrae.com.br\/crab\/wp-json\/wp\/v2\/programacao\/12093","targetHints":{"allow":["GET"]}}],"collection":[{"href":"https:\/\/homologacaosites.rj.sebrae.com.br\/crab\/wp-json\/wp\/v2\/programacao"}],"about":[{"href":"https:\/\/homologacaosites.rj.sebrae.com.br\/crab\/wp-json\/wp\/v2\/types\/programacao"}],"wp:featuredmedia":[{"embeddable":true,"href":"https:\/\/homologacaosites.rj.sebrae.com.br\/crab\/wp-json\/wp\/v2\/media\/12114"}],"wp:attachment":[{"href":"https:\/\/homologacaosites.rj.sebrae.com.br\/crab\/wp-json\/wp\/v2\/media?parent=12093"}],"wp:term":[{"taxonomy":"opcoes-da-programacao","embeddable":true,"href":"https:\/\/homologacaosites.rj.sebrae.com.br\/crab\/wp-json\/wp\/v2\/opcoes-da-programacao?post=12093"},{"taxonomy":"tipos-de-eventos-jet","embeddable":true,"href":"https:\/\/homologacaosites.rj.sebrae.com.br\/crab\/wp-json\/wp\/v2\/tipos-de-eventos-jet?post=12093"}],"curies":[{"name":"wp","href":"https:\/\/api.w.org\/{rel}","templated":true}]}}