{"id":12549,"date":"2024-08-05T11:37:33","date_gmt":"2024-08-05T14:37:33","guid":{"rendered":"https:\/\/homologacaosites.rj.sebrae.com.br\/crab\/?post_type=programacao&#038;p=12549"},"modified":"2024-08-05T14:13:01","modified_gmt":"2024-08-05T17:13:01","slug":"18-salao-do-artesanato-edicao-sp","status":"publish","type":"programacao","link":"https:\/\/homologacaosites.rj.sebrae.com.br\/crab\/programacao\/18-salao-do-artesanato-edicao-sp\/","title":{"rendered":"18\u00ba Sal\u00e3o do Artesanato  Edi\u00e7\u00e3o SP"},"content":{"rendered":"<p><span class=\"TextRun SCXW42659726 BCX8\" lang=\"PT-BR\" xml:lang=\"PT-BR\" data-contrast=\"none\"><span class=\"NormalTextRun SCXW42659726 BCX8\">Est\u00e1 chegando o <a href=\"https:\/\/www.instagram.com\/salaodoartesanatooficial\/?hl=pt\" target=\"_blank\" rel=\"noopener\">18\u00ba SAL\u00c3O DO ARTESANATO<\/a>, dessa vez, atendendo a pedidos, EM S\u00c3O PAULO!<\/span><\/span><span class=\"LineBreakBlob BlobObject DragDrop SCXW42659726 BCX8\"><span class=\"SCXW42659726 BCX8\">\u00a0<\/span><br class=\"SCXW42659726 BCX8\" \/><\/span><span class=\"LineBreakBlob BlobObject DragDrop SCXW42659726 BCX8\"><span class=\"SCXW42659726 BCX8\">\u00a0<\/span><br class=\"SCXW42659726 BCX8\" \/><\/span><span class=\"LineBreakBlob BlobObject DragDrop SCXW42659726 BCX8\">S\u00e3o Paulo &#8211; 28 de Agosto a 1 de Setembro no Pavilh\u00e3o da Bienal &#8211; Parque Ibirapuera. ENTRADA FRANCA &#8211; 11h \u00e0s 21h<\/span><\/p>\n<p><span class=\"LineBreakBlob BlobObject DragDrop SCXW42659726 BCX8\"><span class=\"SCXW42659726 BCX8\">\u00a0<\/span><br class=\"SCXW42659726 BCX8\" \/><\/span><span class=\"TextRun SCXW42659726 BCX8\" lang=\"PT-BR\" xml:lang=\"PT-BR\" data-contrast=\"none\"><span class=\"NormalTextRun SCXW42659726 BCX8\">J\u00e1 coloque na sua agenda e se prepare para entrar em uma jornada singular, repleta de originalidade, exclusividade e momentos memor\u00e1veis neste evento que re\u00fane o que h\u00e1 de mais rico na tradi\u00e7\u00e3o e cultura do Brasil.<\/span><\/span><span class=\"LineBreakBlob BlobObject DragDrop SCXW42659726 BCX8\"><span class=\"SCXW42659726 BCX8\">\u00a0<\/span><\/span><\/p>\n<p><span class=\"TextRun SCXW42659726 BCX8\" lang=\"PT-BR\" xml:lang=\"PT-BR\" data-contrast=\"none\"><span class=\"NormalTextRun SCXW42659726 BCX8\">O Brasil inteiro te aguarda no Pavilh\u00e3o da Bienal!<\/span><\/span><span class=\"LineBreakBlob BlobObject DragDrop SCXW42659726 BCX8\"><span class=\"SCXW42659726 BCX8\">\u00a0<\/span><\/span><\/p>\n<p><a href=\"https:\/\/www.instagram.com\/salaodoartesanatooficial\/?hl=pt\" target=\"_blank\" rel=\"noopener\">https:\/\/www.instagram.com\/salaodoartesanatooficial\/?hl=pt<\/a><\/p>\n","protected":false},"featured_media":12552,"template":"","opcoes-da-programacao":[],"tipos-de-eventos-jet":[77],"class_list":["post-12549","programacao","type-programacao","status-publish","has-post-thumbnail","hentry","event_region-sudeste","event_state-sp","programacao_group-evento-presencial","tipos-de-eventos-jet-feiras"],"_links":{"self":[{"href":"https:\/\/homologacaosites.rj.sebrae.com.br\/crab\/wp-json\/wp\/v2\/programacao\/12549","targetHints":{"allow":["GET"]}}],"collection":[{"href":"https:\/\/homologacaosites.rj.sebrae.com.br\/crab\/wp-json\/wp\/v2\/programacao"}],"about":[{"href":"https:\/\/homologacaosites.rj.sebrae.com.br\/crab\/wp-json\/wp\/v2\/types\/programacao"}],"wp:featuredmedia":[{"embeddable":true,"href":"https:\/\/homologacaosites.rj.sebrae.com.br\/crab\/wp-json\/wp\/v2\/media\/12552"}],"wp:attachment":[{"href":"https:\/\/homologacaosites.rj.sebrae.com.br\/crab\/wp-json\/wp\/v2\/media?parent=12549"}],"wp:term":[{"taxonomy":"opcoes-da-programacao","embeddable":true,"href":"https:\/\/homologacaosites.rj.sebrae.com.br\/crab\/wp-json\/wp\/v2\/opcoes-da-programacao?post=12549"},{"taxonomy":"tipos-de-eventos-jet","embeddable":true,"href":"https:\/\/homologacaosites.rj.sebrae.com.br\/crab\/wp-json\/wp\/v2\/tipos-de-eventos-jet?post=12549"}],"curies":[{"name":"wp","href":"https:\/\/api.w.org\/{rel}","templated":true}]}}